{"id":17413,"date":"2023-04-11T10:39:45","date_gmt":"2023-04-11T08:39:45","guid":{"rendered":"https:\/\/inerciadigital.com\/?page_id=17413"},"modified":"2025-03-28T16:36:23","modified_gmt":"2025-03-28T15:36:23","slug":"politica-de-calidad-y-medioambiente","status":"publish","type":"page","link":"https:\/\/inerciadigital.com\/es\/politica-de-calidad-y-medioambiente\/","title":{"rendered":"Pol\u00edtica de calidad y medioambiente"},"content":{"rendered":"\n<style type=\"text\/css\" data-created_by=\"avia_inline_auto\" id=\"style-css-av-4itl6dh-411ab6988344cc011f63350bbf2124ae\">\n.avia-section.av-4itl6dh-411ab6988344cc011f63350bbf2124ae{\nbackground-color:#651b78;\nbackground-image:unset;\n}\n<\/style>\n<div id='av_section_1'  class='avia-section av-4itl6dh-411ab6988344cc011f63350bbf2124ae main_color avia-section-default avia-no-border-styling  avia-builder-el-0  el_before_av_one_full  avia-builder-el-first  avia-bg-style-scroll container_wrap sidebar_right'  ><div class='container av-section-cont-open' ><main  role=\"main\" itemprop=\"mainContentOfPage\"  class='template-page content  av-content-small alpha units'><div class='post-entry post-entry-type-page post-entry-17413'><div class='entry-content-wrapper clearfix'>\n\n<style type=\"text\/css\" data-created_by=\"avia_inline_auto\" id=\"style-css-av-lgc0hx3s-80bbbffd04e0044d1c2aa9dc88c423eb\">\n#top .av-special-heading.av-lgc0hx3s-80bbbffd04e0044d1c2aa9dc88c423eb{\npadding-bottom:10px;\ncolor:#ffffff;\n}\nbody .av-special-heading.av-lgc0hx3s-80bbbffd04e0044d1c2aa9dc88c423eb .av-special-heading-tag .heading-char{\nfont-size:25px;\n}\n.av-special-heading.av-lgc0hx3s-80bbbffd04e0044d1c2aa9dc88c423eb .special-heading-inner-border{\nborder-color:#ffffff;\n}\n.av-special-heading.av-lgc0hx3s-80bbbffd04e0044d1c2aa9dc88c423eb .av-subheading{\nfont-size:15px;\n}\n<\/style>\n<div  class='av-special-heading av-lgc0hx3s-80bbbffd04e0044d1c2aa9dc88c423eb av-special-heading-h2 custom-color-heading blockquote modern-quote modern-centered  avia-builder-el-1  avia-builder-el-no-sibling '><h2 class='av-special-heading-tag '  itemprop=\"headline\"  >Pol\u00edtica de calidad y medioambiente<\/h2><div class=\"special-heading-border\"><div class=\"special-heading-inner-border\"><\/div><\/div><\/div>\n<\/div><\/div><\/main><!-- close content main element --><\/div><\/div><div id='after_section_1'  class='main_color av_default_container_wrap container_wrap sidebar_right'  ><div class='container av-section-cont-open' ><div class='template-page content  av-content-small alpha units'><div class='post-entry post-entry-type-page post-entry-17413'><div class='entry-content-wrapper clearfix'>\n<div  class='flex_column av-3yx1ztx-6a161095832cc1c9e678608ff7b38e5d av_one_full  avia-builder-el-2  el_after_av_section  el_before_av_layout_row  avia-builder-el-no-sibling  first flex_column_div  '     ><section  class='av_textblock_section av-3bi2ced-9c494824956fbd71b1ea1a90a4ab1b08 '   itemscope=\"itemscope\" itemtype=\"https:\/\/schema.org\/CreativeWork\" ><div class='avia_textblock'  itemprop=\"text\" ><p><img data-recalc-dims=\"1\" loading=\"lazy\" decoding=\"async\" class=\"aligncenter wp-image-17390 size-full\" src=\"https:\/\/i0.wp.com\/inerciadigital.com\/wp-content\/uploads\/2023\/04\/indice.png?resize=285%2C177&#038;ssl=1\" alt=\"\" width=\"285\" height=\"177\" \/><\/p>\n<p style=\"text-align: justify;\"><b>Inercia Digital<\/b><span style=\"font-weight: 400;\"> es un <\/span><b>Centro de Formaci\u00f3n Profesional de Excelencia<\/b><span style=\"font-weight: 400;\"> especializado en la <\/span><b>formaci\u00f3n e innovaci\u00f3n en competencias digitales<\/b><span style=\"font-weight: 400;\"> a nivel internacional.<\/span><\/p>\n<p><span style=\"font-weight: 400;\">En Inercia Digital ofrecemos formaci\u00f3n online, presencial\u00a0 y mixta en competencias digitales y de emprendimiento, Formaci\u00f3n Profesional para el Empleo (FPE), cursos de formaci\u00f3n programada para las empresas y formaci\u00f3n en rob\u00f3tica, impresi\u00f3n 3D y pilotaje de drones entre otros.<\/span><\/p>\n<p><span style=\"font-weight: 400;\">Estamos acreditados por parte de la Junta de Andaluc\u00eda como Centro de Formaci\u00f3n para la impartici\u00f3n de especialidades formativas conducentes y no conducentes a certificados de profesionalidad en el Registro de Centros y Entidades de Formaci\u00f3n Profesional\u00a0 en nuestro Centro de formaci\u00f3n e innovaci\u00f3n de Inercia Digital con el c\u00f3digo 66183 y bajo la denominaci\u00f3n de LABID.<\/span><\/p>\n<p><span style=\"font-weight: 400;\">Desde el principio participamos en m\u00e1s de 130 <\/span><b>proyectos educativos de innovaci\u00f3n\u00a0 europeos<\/b><span style=\"font-weight: 400;\"> pertenecientes a diferentes programas como el Programa de Aprendizaje Permanente y el programa Erasmus+, habiendo adquirido gran experiencia en los mismos, lo cual ha resultado en una expansi\u00f3n significativa de nuestra red de contactos con m\u00e1s de 700\u00a0 socios en toda Europa.\u00a0<\/span><\/p>\n<p><span style=\"font-weight: 400;\">Mediante la aplicaci\u00f3n de un sistema Integrado de Gesti\u00f3n, basado en los requisitos de las normas UNE-EN-ISO 9001:2015 y UNE \u2013EN-ISO 14001:2015, se persigue lograr una mejora continua en la calidad de los servicios y el desempe\u00f1o de las actividades de nuestra organizaci\u00f3n, minimizando los impactos ambientales de las mismas.<\/span><\/p>\n<p><span style=\"font-weight: 400;\">Para ello, se considera la base de esta Pol\u00edtica, como pilares b\u00e1sicos de la organizaci\u00f3n para alcanzar la mejora continua de la eficacia de dicho sistema de Gesti\u00f3n, las siguientes directrices, que servir\u00e1n de base al establecimiento de nuestros objetivos anuales:<\/span><\/p>\n<p style=\"text-align: justify;\">\n<p style=\"text-align: justify;\"><span dir=\"ltr\" role=\"presentation\">\u2714<\/span> <i><span style=\"font-weight: 400;\">Asegurar la <\/span><\/i><b><i>satisfacci\u00f3n de sus usuarios<\/i><\/b><i><span style=\"font-weight: 400;\"> bas\u00e1ndose en un trato siempre correcto y en un esfuerzo continuo en la prestaci\u00f3n del servicio en base a sus requisitos y a nuestros compromisos de mejora continua.<\/span><\/i><\/p>\n<p style=\"text-align: justify;\"><span dir=\"ltr\" role=\"presentation\">\u2714<\/span> <i><span style=\"font-weight: 400;\">Cumplir con los <\/span><\/i><b><i>requisitos legales<\/i><\/b><i><span style=\"font-weight: 400;\"> que le son de aplicaci\u00f3n, as\u00ed como con aquellos requisitos que la organizaci\u00f3n suscriba evaluando continuamente dicho cumplimiento, en todas sus \u00e1reas de actividad.<\/span><\/i><\/p>\n<p style=\"text-align: justify;\"><span dir=\"ltr\" role=\"presentation\">\u2714<\/span> <b><i>Evitar la contaminaci\u00f3n<\/i><\/b><i><span style=\"font-weight: 400;\"> y hacer un uso racional y optimizado del consumo de los recursos naturales necesarios para el desarrollo de nuestras actividades.<\/span><\/i><\/p>\n<p style=\"text-align: justify;\"><span dir=\"ltr\" role=\"presentation\">\u2714<\/span> <i><span style=\"font-weight: 400;\">Mejorar de forma contin\u00faa la calidad en la oferta de nuestros servicios de formaci\u00f3n, mediante el establecimiento de <\/span><\/i><b><i>objetivos y metas para conseguirlo<\/i><\/b><i><span style=\"font-weight: 400;\">.<\/span><\/i><\/p>\n<p style=\"text-align: justify;\"><span dir=\"ltr\" role=\"presentation\">\u2714<\/span> <i><span style=\"font-weight: 400;\">Mejorar permanentemente la <\/span><\/i><b><i>competitividad de nuestros servicios<\/i><\/b><i><span style=\"font-weight: 400;\">, haciendo part\u00edcipe a nuestros\/as usuarios\/as en todo momento de los mismos y adaptando continuamente los desarrollos a sus necesidades, intentando alcanzar a trav\u00e9s nuestros servicios, unas correctas pol\u00edticas de gesti\u00f3n tambi\u00e9n entre nuestros\/as usuarios\/as. La mejora de la competitividad redundar\u00e1, adem\u00e1s, en la mejora de los resultados y, por tanto, en unos usuarios finales m\u00e1s y mejor cualificados.<\/span><\/i><\/p>\n<p style=\"text-align: justify;\"><span dir=\"ltr\" role=\"presentation\">\u2714<\/span> <i><span style=\"font-weight: 400;\">Velar por una <\/span><\/i><b><i>continua y permanente actualizaci\u00f3n de nuestros recursos<\/i><\/b><i><span style=\"font-weight: 400;\">, tanto tecnol\u00f3gicos como, sobre todo, de nuestro <\/span><\/i><b><i>personal,<\/i><\/b><i><span style=\"font-weight: 400;\"> fomentando pol\u00edticas de formaci\u00f3n continua profesional que les permitan avanzar en sus conocimientos al ritmo que lo hace nuestro sector.<\/span><\/i><span dir=\"ltr\" role=\"presentation\"><br class=\"avia-permanent-lb\" \/><br class=\"avia-permanent-lb\" \/><\/span><\/p>\n<p style=\"text-align: justify;\"><span style=\"font-weight: 400;\">Esta Pol\u00edtica ser\u00e1 revisada para su continua adecuaci\u00f3n anualmente por la direcci\u00f3n, as\u00ed como los objetivos y metas de la empresa, y comunicada a todo el personal de la organizaci\u00f3n encontr\u00e1ndose a disposici\u00f3n del p\u00fablico bajo solicitud de cualquier parte interesada.<\/span><\/p>\n<\/div><\/section><\/div><\/div><\/div><\/div><!-- close content main div --><\/div><\/div><div id='av-layout-grid-1'  class='av-layout-grid-container av-329jr1h-7a97c9f360527cce77bc8fa672191730 entry-content-wrapper main_color av-flex-cells  avia-builder-el-4  el_after_av_one_full  avia-builder-el-last  grid-row-not-first  container_wrap sidebar_right'  >\n<div class='flex_cell av-2fua3wl-53b1390c49e7f7e3c6a1d452ebd9ec60 av-gridrow-cell av_one_fourth no_margin  avia-builder-el-5  el_before_av_cell_one_half  avia-builder-el-first '  ><div class='flex_cell_inner'><section  class='av_textblock_section av-1w1qj45-4fa5a94fb54985a1a0680e30fdf17370 '   itemscope=\"itemscope\" itemtype=\"https:\/\/schema.org\/CreativeWork\" ><div class='avia_textblock'  itemprop=\"text\" ><p style=\"text-align: right;\"><span dir=\"ltr\" role=\"presentation\">Firmado: LA DIRECCI\u00d3N<\/span><\/p>\n<\/div><\/section>\n<\/div><\/div><div class='flex_cell av-1pvs4sl-f401cdb4344cc851f22d5da8136d0ce0 av-gridrow-cell av_one_half no_margin  avia-builder-el-7  el_after_av_cell_one_fourth  el_before_av_cell_one_fourth '  ><div class='flex_cell_inner'><\/div><\/div>\n<style type=\"text\/css\" data-created_by=\"avia_inline_auto\" id=\"style-css-av-14w2mn9-489c19c3038cc03fb5932216a631892a\">\n.flex_cell.av-14w2mn9-489c19c3038cc03fb5932216a631892a{\nvertical-align:top;\n}\n<\/style>\n<div class='flex_cell av-14w2mn9-489c19c3038cc03fb5932216a631892a av-gridrow-cell av_one_fourth no_margin  avia-builder-el-8  el_after_av_cell_one_half  avia-builder-el-last  content-align-top'  ><div class='flex_cell_inner'><section  class='av_textblock_section av-2m0put-6668b70b79d148275fa51d1896d1cd6b '   itemscope=\"itemscope\" itemtype=\"https:\/\/schema.org\/CreativeWork\" ><div class='avia_textblock'  itemprop=\"text\" ><p style=\"text-align: left;\"><span dir=\"ltr\" role=\"presentation\">Rev. 3\u00a0 \u00a0 28.03.2025<\/span><\/p>\n<p><br class=\"avia-permanent-lb\" \/><br class=\"avia-permanent-lb\" \/><br class=\"avia-permanent-lb\" \/><\/p>\n<\/div><\/section>\n<\/div><\/div><\/div>\n","protected":false},"excerpt":{"rendered":"","protected":false},"author":1028,"featured_media":0,"parent":0,"menu_order":0,"comment_status":"closed","ping_status":"closed","template":"","meta":{"_acf_changed":false,"footnotes":""},"class_list":["post-17413","page","type-page","status-publish","hentry"],"acf":[],"yoast_head":"<!-- This site is optimized with the Yoast SEO plugin v27.4 - https:\/\/yoast.com\/product\/yoast-seo-wordpress\/ -->\n<title>Pol\u00edtica de calidad y medioambiente - Inercia Digital<\/title>\n<meta name=\"robots\" content=\"index, follow, max-snippet:-1, max-image-preview:large, max-video-preview:-1\" \/>\n<link rel=\"canonical\" href=\"https:\/\/inerciadigital.com\/es\/politica-de-calidad-y-medioambiente\/\" \/>\n<meta property=\"og:locale\" content=\"es_ES\" \/>\n<meta property=\"og:type\" content=\"article\" \/>\n<meta property=\"og:title\" content=\"Pol\u00edtica de calidad y medioambiente - Inercia Digital\" \/>\n<meta property=\"og:url\" content=\"https:\/\/inerciadigital.com\/es\/politica-de-calidad-y-medioambiente\/\" \/>\n<meta property=\"og:site_name\" content=\"Inercia Digital\" \/>\n<meta property=\"article:publisher\" content=\"https:\/\/www.facebook.com\/inerciadigital\/\" \/>\n<meta property=\"article:modified_time\" content=\"2025-03-28T15:36:23+00:00\" \/>\n<meta property=\"og:image\" content=\"https:\/\/inerciadigital.com\/wp-content\/uploads\/2023\/04\/indice.png\" \/>\n<meta name=\"twitter:card\" content=\"summary_large_image\" \/>\n<meta name=\"twitter:site\" content=\"@InerciaDigital\" \/>\n<meta name=\"twitter:label1\" content=\"Tiempo de lectura\" \/>\n\t<meta name=\"twitter:data1\" content=\"3 minutos\" \/>\n<script type=\"application\/ld+json\" class=\"yoast-schema-graph\">{\"@context\":\"https:\\\/\\\/schema.org\",\"@graph\":[{\"@type\":\"WebPage\",\"@id\":\"https:\\\/\\\/inerciadigital.com\\\/es\\\/politica-de-calidad-y-medioambiente\\\/\",\"url\":\"https:\\\/\\\/inerciadigital.com\\\/es\\\/politica-de-calidad-y-medioambiente\\\/\",\"name\":\"Pol\u00edtica de calidad y medioambiente - Inercia Digital\",\"isPartOf\":{\"@id\":\"https:\\\/\\\/inerciadigital.com\\\/es\\\/#website\"},\"primaryImageOfPage\":{\"@id\":\"https:\\\/\\\/inerciadigital.com\\\/es\\\/politica-de-calidad-y-medioambiente\\\/#primaryimage\"},\"image\":{\"@id\":\"https:\\\/\\\/inerciadigital.com\\\/es\\\/politica-de-calidad-y-medioambiente\\\/#primaryimage\"},\"thumbnailUrl\":\"https:\\\/\\\/inerciadigital.com\\\/wp-content\\\/uploads\\\/2023\\\/04\\\/indice.png\",\"datePublished\":\"2023-04-11T08:39:45+00:00\",\"dateModified\":\"2025-03-28T15:36:23+00:00\",\"breadcrumb\":{\"@id\":\"https:\\\/\\\/inerciadigital.com\\\/es\\\/politica-de-calidad-y-medioambiente\\\/#breadcrumb\"},\"inLanguage\":\"es\",\"potentialAction\":[{\"@type\":\"ReadAction\",\"target\":[\"https:\\\/\\\/inerciadigital.com\\\/es\\\/politica-de-calidad-y-medioambiente\\\/\"]}]},{\"@type\":\"ImageObject\",\"inLanguage\":\"es\",\"@id\":\"https:\\\/\\\/inerciadigital.com\\\/es\\\/politica-de-calidad-y-medioambiente\\\/#primaryimage\",\"url\":\"https:\\\/\\\/inerciadigital.com\\\/wp-content\\\/uploads\\\/2023\\\/04\\\/indice.png\",\"contentUrl\":\"https:\\\/\\\/inerciadigital.com\\\/wp-content\\\/uploads\\\/2023\\\/04\\\/indice.png\"},{\"@type\":\"BreadcrumbList\",\"@id\":\"https:\\\/\\\/inerciadigital.com\\\/es\\\/politica-de-calidad-y-medioambiente\\\/#breadcrumb\",\"itemListElement\":[{\"@type\":\"ListItem\",\"position\":1,\"name\":\"Home\",\"item\":\"https:\\\/\\\/inerciadigital.com\\\/es\\\/inicio\\\/\"},{\"@type\":\"ListItem\",\"position\":2,\"name\":\"Pol\u00edtica de calidad y medioambiente\"}]},{\"@type\":\"WebSite\",\"@id\":\"https:\\\/\\\/inerciadigital.com\\\/es\\\/#website\",\"url\":\"https:\\\/\\\/inerciadigital.com\\\/es\\\/\",\"name\":\"Inercia Digital\",\"description\":\"Impulsa tus competencias digitales\",\"publisher\":{\"@id\":\"https:\\\/\\\/inerciadigital.com\\\/es\\\/#organization\"},\"potentialAction\":[{\"@type\":\"SearchAction\",\"target\":{\"@type\":\"EntryPoint\",\"urlTemplate\":\"https:\\\/\\\/inerciadigital.com\\\/es\\\/?s={search_term_string}\"},\"query-input\":{\"@type\":\"PropertyValueSpecification\",\"valueRequired\":true,\"valueName\":\"search_term_string\"}}],\"inLanguage\":\"es\"},{\"@type\":\"Organization\",\"@id\":\"https:\\\/\\\/inerciadigital.com\\\/es\\\/#organization\",\"name\":\"Inercia Digital\",\"url\":\"https:\\\/\\\/inerciadigital.com\\\/es\\\/\",\"logo\":{\"@type\":\"ImageObject\",\"inLanguage\":\"es\",\"@id\":\"https:\\\/\\\/inerciadigital.com\\\/es\\\/#\\\/schema\\\/logo\\\/image\\\/\",\"url\":\"https:\\\/\\\/inerciadigital.com\\\/wp-content\\\/uploads\\\/2018\\\/11\\\/transparente.png\",\"contentUrl\":\"https:\\\/\\\/inerciadigital.com\\\/wp-content\\\/uploads\\\/2018\\\/11\\\/transparente.png\",\"width\":6899,\"height\":4299,\"caption\":\"Inercia Digital\"},\"image\":{\"@id\":\"https:\\\/\\\/inerciadigital.com\\\/es\\\/#\\\/schema\\\/logo\\\/image\\\/\"},\"sameAs\":[\"https:\\\/\\\/www.facebook.com\\\/inerciadigital\\\/\",\"https:\\\/\\\/x.com\\\/InerciaDigital\",\"https:\\\/\\\/www.instagram.com\\\/inerciadigital.s.l\\\/?hl=es\",\"https:\\\/\\\/www.linkedin.com\\\/company\\\/inercia-digital\\\/\",\"https:\\\/\\\/www.pinterest.es\\\/Inerciaxdigital\\\/\",\"https:\\\/\\\/www.youtube.com\\\/user\\\/InerciaDigitalSL\"]}]}<\/script>\n<!-- \/ Yoast SEO plugin. -->","yoast_head_json":{"title":"Pol\u00edtica de calidad y medioambiente - Inercia Digital","robots":{"index":"index","follow":"follow","max-snippet":"max-snippet:-1","max-image-preview":"max-image-preview:large","max-video-preview":"max-video-preview:-1"},"canonical":"https:\/\/inerciadigital.com\/es\/politica-de-calidad-y-medioambiente\/","og_locale":"es_ES","og_type":"article","og_title":"Pol\u00edtica de calidad y medioambiente - Inercia Digital","og_url":"https:\/\/inerciadigital.com\/es\/politica-de-calidad-y-medioambiente\/","og_site_name":"Inercia Digital","article_publisher":"https:\/\/www.facebook.com\/inerciadigital\/","article_modified_time":"2025-03-28T15:36:23+00:00","og_image":[{"url":"https:\/\/inerciadigital.com\/wp-content\/uploads\/2023\/04\/indice.png","type":"","width":"","height":""}],"twitter_card":"summary_large_image","twitter_site":"@InerciaDigital","twitter_misc":{"Tiempo de lectura":"3 minutos"},"schema":{"@context":"https:\/\/schema.org","@graph":[{"@type":"WebPage","@id":"https:\/\/inerciadigital.com\/es\/politica-de-calidad-y-medioambiente\/","url":"https:\/\/inerciadigital.com\/es\/politica-de-calidad-y-medioambiente\/","name":"Pol\u00edtica de calidad y medioambiente - Inercia Digital","isPartOf":{"@id":"https:\/\/inerciadigital.com\/es\/#website"},"primaryImageOfPage":{"@id":"https:\/\/inerciadigital.com\/es\/politica-de-calidad-y-medioambiente\/#primaryimage"},"image":{"@id":"https:\/\/inerciadigital.com\/es\/politica-de-calidad-y-medioambiente\/#primaryimage"},"thumbnailUrl":"https:\/\/inerciadigital.com\/wp-content\/uploads\/2023\/04\/indice.png","datePublished":"2023-04-11T08:39:45+00:00","dateModified":"2025-03-28T15:36:23+00:00","breadcrumb":{"@id":"https:\/\/inerciadigital.com\/es\/politica-de-calidad-y-medioambiente\/#breadcrumb"},"inLanguage":"es","potentialAction":[{"@type":"ReadAction","target":["https:\/\/inerciadigital.com\/es\/politica-de-calidad-y-medioambiente\/"]}]},{"@type":"ImageObject","inLanguage":"es","@id":"https:\/\/inerciadigital.com\/es\/politica-de-calidad-y-medioambiente\/#primaryimage","url":"https:\/\/inerciadigital.com\/wp-content\/uploads\/2023\/04\/indice.png","contentUrl":"https:\/\/inerciadigital.com\/wp-content\/uploads\/2023\/04\/indice.png"},{"@type":"BreadcrumbList","@id":"https:\/\/inerciadigital.com\/es\/politica-de-calidad-y-medioambiente\/#breadcrumb","itemListElement":[{"@type":"ListItem","position":1,"name":"Home","item":"https:\/\/inerciadigital.com\/es\/inicio\/"},{"@type":"ListItem","position":2,"name":"Pol\u00edtica de calidad y medioambiente"}]},{"@type":"WebSite","@id":"https:\/\/inerciadigital.com\/es\/#website","url":"https:\/\/inerciadigital.com\/es\/","name":"Inercia Digital","description":"Impulsa tus competencias digitales","publisher":{"@id":"https:\/\/inerciadigital.com\/es\/#organization"},"potentialAction":[{"@type":"SearchAction","target":{"@type":"EntryPoint","urlTemplate":"https:\/\/inerciadigital.com\/es\/?s={search_term_string}"},"query-input":{"@type":"PropertyValueSpecification","valueRequired":true,"valueName":"search_term_string"}}],"inLanguage":"es"},{"@type":"Organization","@id":"https:\/\/inerciadigital.com\/es\/#organization","name":"Inercia Digital","url":"https:\/\/inerciadigital.com\/es\/","logo":{"@type":"ImageObject","inLanguage":"es","@id":"https:\/\/inerciadigital.com\/es\/#\/schema\/logo\/image\/","url":"https:\/\/inerciadigital.com\/wp-content\/uploads\/2018\/11\/transparente.png","contentUrl":"https:\/\/inerciadigital.com\/wp-content\/uploads\/2018\/11\/transparente.png","width":6899,"height":4299,"caption":"Inercia Digital"},"image":{"@id":"https:\/\/inerciadigital.com\/es\/#\/schema\/logo\/image\/"},"sameAs":["https:\/\/www.facebook.com\/inerciadigital\/","https:\/\/x.com\/InerciaDigital","https:\/\/www.instagram.com\/inerciadigital.s.l\/?hl=es","https:\/\/www.linkedin.com\/company\/inercia-digital\/","https:\/\/www.pinterest.es\/Inerciaxdigital\/","https:\/\/www.youtube.com\/user\/InerciaDigitalSL"]}]}},"jetpack_shortlink":"https:\/\/wp.me\/Pc4934-4wR","jetpack_sharing_enabled":true,"_links":{"self":[{"href":"https:\/\/inerciadigital.com\/es\/wp-json\/wp\/v2\/pages\/17413","targetHints":{"allow":["GET"]}}],"collection":[{"href":"https:\/\/inerciadigital.com\/es\/wp-json\/wp\/v2\/pages"}],"about":[{"href":"https:\/\/inerciadigital.com\/es\/wp-json\/wp\/v2\/types\/page"}],"author":[{"embeddable":true,"href":"https:\/\/inerciadigital.com\/es\/wp-json\/wp\/v2\/users\/1028"}],"replies":[{"embeddable":true,"href":"https:\/\/inerciadigital.com\/es\/wp-json\/wp\/v2\/comments?post=17413"}],"version-history":[{"count":22,"href":"https:\/\/inerciadigital.com\/es\/wp-json\/wp\/v2\/pages\/17413\/revisions"}],"predecessor-version":[{"id":20184,"href":"https:\/\/inerciadigital.com\/es\/wp-json\/wp\/v2\/pages\/17413\/revisions\/20184"}],"wp:attachment":[{"href":"https:\/\/inerciadigital.com\/es\/wp-json\/wp\/v2\/media?parent=17413"}],"curies":[{"name":"wp","href":"https:\/\/api.w.org\/{rel}","templated":true}]}}